{"id":2059,"date":"2025-05-17T09:28:40","date_gmt":"2025-05-17T12:28:40","guid":{"rendered":"https:\/\/org.institutoathos.esp.br\/maratona\/?page_id=2059"},"modified":"2025-08-02T00:00:12","modified_gmt":"2025-08-02T03:00:12","slug":"produto-inscricao-corrida","status":"publish","type":"page","link":"https:\/\/org.institutoathos.esp.br\/maratona\/produto-inscricao-corrida\/","title":{"rendered":"Meia Maratona Maranguape"},"content":{"rendered":"\t\t<div data-elementor-type=\"wp-page\" data-elementor-id=\"2059\" class=\"elementor elementor-2059\" data-elementor-settings=\"{&quot;ha_cmc_init_switcher&quot;:&quot;no&quot;}\">\n\t\t\t\t<div class=\"elementor-element elementor-element-39f7689 e-con-full e-flex e-con e-parent\" data-id=\"39f7689\" data-element_type=\"container\" data-e-type=\"container\" data-settings=\"{&quot;_ha_eqh_enable&quot;:false}\">\n\t\t<div class=\"elementor-element elementor-element-f573098 e-con-full e-flex e-con e-child\" data-id=\"f573098\" data-element_type=\"container\" data-e-type=\"container\" data-settings=\"{&quot;_ha_eqh_enable&quot;:false}\">\n\t\t\t\t<div class=\"elementor-element elementor-element-6747ea1 elementor-widget elementor-widget-image\" data-id=\"6747ea1\" data-element_type=\"widget\" data-e-type=\"widget\" data-widget_type=\"image.default\">\n\t\t\t\t<div class=\"elementor-widget-container\">\n\t\t\t\t\t\t\t\t\t\t\t\t\t\t\t<img fetchpriority=\"high\" decoding=\"async\" width=\"800\" height=\"1006\" src=\"https:\/\/org.institutoathos.esp.br\/maratona\/wp-content\/uploads\/2025\/05\/WhatsApp-Image-2025-05-26-at-18.23.09-814x1024.jpeg\" class=\"attachment-large size-large wp-image-2165\" alt=\"\" srcset=\"https:\/\/org.institutoathos.esp.br\/maratona\/wp-content\/uploads\/2025\/05\/WhatsApp-Image-2025-05-26-at-18.23.09-814x1024.jpeg 814w, https:\/\/org.institutoathos.esp.br\/maratona\/wp-content\/uploads\/2025\/05\/WhatsApp-Image-2025-05-26-at-18.23.09-239x300.jpeg 239w, https:\/\/org.institutoathos.esp.br\/maratona\/wp-content\/uploads\/2025\/05\/WhatsApp-Image-2025-05-26-at-18.23.09-768x966.jpeg 768w, https:\/\/org.institutoathos.esp.br\/maratona\/wp-content\/uploads\/2025\/05\/WhatsApp-Image-2025-05-26-at-18.23.09-600x754.jpeg 600w, https:\/\/org.institutoathos.esp.br\/maratona\/wp-content\/uploads\/2025\/05\/WhatsApp-Image-2025-05-26-at-18.23.09.jpeg 1018w\" sizes=\"(max-width: 800px) 100vw, 800px\" \/>\t\t\t\t\t\t\t\t\t\t\t\t\t\t\t<\/div>\n\t\t\t\t<\/div>\n\t\t\t\t<\/div>\n\t\t<div class=\"elementor-element elementor-element-76e612b e-con-full e-flex e-con e-child\" data-id=\"76e612b\" data-element_type=\"container\" data-e-type=\"container\" data-settings=\"{&quot;_ha_eqh_enable&quot;:false}\">\n\t\t\t\t<div class=\"elementor-element elementor-element-b6cd9aa local elementor-widget elementor-widget-text-editor\" data-id=\"b6cd9aa\" data-element_type=\"widget\" data-e-type=\"widget\" data-widget_type=\"text-editor.default\">\n\t\t\t\t<div class=\"elementor-widget-container\">\n\t\t\t\t\t\t\t\t\t<div id=\"wps_etmwf_event_date\" class=\"wps_etmfw_event_general_info\"><div id=\"wps_etmwf_event_date\" class=\"wps_etmfw_event_general_info\"><img decoding=\"async\" src=\"https:\/\/org.institutoathos.esp.br\/wp-content\/plugins\/event-tickets-manager-for-woocommerce\/public\/src\/image\/calendar_icone.svg\" width=\"20px\" height=\"20px\" \/> 17\/08\/2025<br \/><img decoding=\"async\" src=\"https:\/\/org.institutoathos.esp.br\/wp-content\/plugins\/event-tickets-manager-for-woocommerce\/public\/src\/image\/clock.svg\" width=\"20px\" height=\"20px\" \/> <span class=\"wps_etmfw_date_label\">5:30h &#8211; 21km<br \/><\/span><\/div><div><div id=\"wps_etmwf_event_date\" class=\"wps_etmfw_event_general_info\"><span class=\"wps_etmfw_date_label\"><img decoding=\"async\" src=\"https:\/\/org.institutoathos.esp.br\/wp-content\/plugins\/event-tickets-manager-for-woocommerce\/public\/src\/image\/clock.svg\" width=\"20px\" height=\"20px\" \/> 5:45h &#8211; 3km para PCD\u00b4s<\/span><\/div><div><div id=\"wps_etmwf_event_date\" class=\"wps_etmfw_event_general_info\"><span class=\"wps_etmfw_date_label\"><img decoding=\"async\" src=\"https:\/\/org.institutoathos.esp.br\/wp-content\/plugins\/event-tickets-manager-for-woocommerce\/public\/src\/image\/clock.svg\" width=\"20px\" height=\"20px\" \/> 6:00h &#8211; 3km, 6km e 10,5km<\/span><\/div><div class=\"wps_etmfw_event_general_info\"><img decoding=\"async\" src=\"https:\/\/org.institutoathos.esp.br\/wp-content\/plugins\/event-tickets-manager-for-woocommerce\/public\/src\/image\/map_pin.svg\" width=\"20px\" height=\"20px\" \/> Pra\u00e7a Senador Almir Pinto, Rua Mundica Paula, Centro<\/div><\/div><\/div><\/div>\t\t\t\t\t\t\t\t<\/div>\n\t\t\t\t<\/div>\n\t\t\t\t<div class=\"elementor-element elementor-element-f24dadc elementor-widget__width-initial elementor-align-center elementor-widget elementor-widget-button\" data-id=\"f24dadc\" data-element_type=\"widget\" data-e-type=\"widget\" id=\"btn\" data-widget_type=\"button.default\">\n\t\t\t\t<div class=\"elementor-widget-container\">\n\t\t\t\t\t\t\t\t\t<div class=\"elementor-button-wrapper\">\n\t\t\t\t\t<a class=\"elementor-button elementor-button-link elementor-size-sm\" href=\"#\">\n\t\t\t\t\t\t<span class=\"elementor-button-content-wrapper\">\n\t\t\t\t\t\t\t\t\t<span class=\"elementor-button-text\">21km INCRO\u00c7\u00d5ES ENCERRADAS<\/span>\n\t\t\t\t\t<\/span>\n\t\t\t\t\t<\/a>\n\t\t\t\t<\/div>\n\t\t\t\t\t\t\t\t<\/div>\n\t\t\t\t<\/div>\n\t\t\t\t<div class=\"elementor-element elementor-element-87cfaa7 elementor-widget__width-initial elementor-align-center elementor-widget elementor-widget-button\" data-id=\"87cfaa7\" data-element_type=\"widget\" data-e-type=\"widget\" id=\"btn\" data-widget_type=\"button.default\">\n\t\t\t\t<div class=\"elementor-widget-container\">\n\t\t\t\t\t\t\t\t\t<div class=\"elementor-button-wrapper\">\n\t\t\t\t\t<a class=\"elementor-button elementor-button-link elementor-size-sm\" href=\"#\">\n\t\t\t\t\t\t<span class=\"elementor-button-content-wrapper\">\n\t\t\t\t\t\t\t\t\t<span class=\"elementor-button-text\">10,5km INCRO\u00c7\u00d5ES ENCERRADAS<\/span>\n\t\t\t\t\t<\/span>\n\t\t\t\t\t<\/a>\n\t\t\t\t<\/div>\n\t\t\t\t\t\t\t\t<\/div>\n\t\t\t\t<\/div>\n\t\t\t\t<div class=\"elementor-element elementor-element-af78b37 elementor-widget__width-initial elementor-align-center elementor-widget elementor-widget-button\" data-id=\"af78b37\" data-element_type=\"widget\" data-e-type=\"widget\" id=\"btn\" data-widget_type=\"button.default\">\n\t\t\t\t<div class=\"elementor-widget-container\">\n\t\t\t\t\t\t\t\t\t<div class=\"elementor-button-wrapper\">\n\t\t\t\t\t<a class=\"elementor-button elementor-button-link elementor-size-sm\" href=\"#\">\n\t\t\t\t\t\t<span class=\"elementor-button-content-wrapper\">\n\t\t\t\t\t\t\t\t\t<span class=\"elementor-button-text\">6km INCRO\u00c7\u00d5ES ENCERRADAS<\/span>\n\t\t\t\t\t<\/span>\n\t\t\t\t\t<\/a>\n\t\t\t\t<\/div>\n\t\t\t\t\t\t\t\t<\/div>\n\t\t\t\t<\/div>\n\t\t\t\t<div class=\"elementor-element elementor-element-2a3911b elementor-align-center elementor-widget__width-initial elementor-widget elementor-widget-button\" data-id=\"2a3911b\" data-element_type=\"widget\" data-e-type=\"widget\" id=\"btn\" data-widget_type=\"button.default\">\n\t\t\t\t<div class=\"elementor-widget-container\">\n\t\t\t\t\t\t\t\t\t<div class=\"elementor-button-wrapper\">\n\t\t\t\t\t<a class=\"elementor-button elementor-button-link elementor-size-sm\" href=\"#\">\n\t\t\t\t\t\t<span class=\"elementor-button-content-wrapper\">\n\t\t\t\t\t\t\t\t\t<span class=\"elementor-button-text\">3km INCRO\u00c7\u00d5ES ENCERRADAS<\/span>\n\t\t\t\t\t<\/span>\n\t\t\t\t\t<\/a>\n\t\t\t\t<\/div>\n\t\t\t\t\t\t\t\t<\/div>\n\t\t\t\t<\/div>\n\t\t\t\t<div class=\"elementor-element elementor-element-a160a6e local ha-has-bg-overlay elementor-widget elementor-widget-button\" data-id=\"a160a6e\" data-element_type=\"widget\" data-e-type=\"widget\" data-widget_type=\"button.default\">\n\t\t\t\t<div class=\"elementor-widget-container\">\n\t\t\t\t\t\t\t\t\t<div class=\"elementor-button-wrapper\">\n\t\t\t\t\t<a class=\"elementor-button elementor-button-link elementor-size-sm\" href=\"#elementor-action%3Aaction%3Dpopup%3Aopen%26settings%3DeyJpZCI6IjIyMjQiLCJ0b2dnbGUiOmZhbHNlfQ%3D%3D\">\n\t\t\t\t\t\t<span class=\"elementor-button-content-wrapper\">\n\t\t\t\t\t\t\t\t\t<span class=\"elementor-button-text\">Leia o Regulamento<\/span>\n\t\t\t\t\t<\/span>\n\t\t\t\t\t<\/a>\n\t\t\t\t<\/div>\n\t\t\t\t\t\t\t\t<\/div>\n\t\t\t\t<\/div>\n\t\t\t\t<\/div>\n\t\t\t\t<\/div>\n\t\t\t\t<\/div>\n\t\t","protected":false},"excerpt":{"rendered":"<p>17\/08\/2025 5:30h &#8211; 21km 5:45h &#8211; 3km para PCD\u00b4s 6:00h &#8211; 3km, 6km e 10,5km Pra\u00e7a Senador Almir Pinto, Rua Mundica Paula, Centro 21km INCRO\u00c7\u00d5ES ENCERRADAS 10,5km INCRO\u00c7\u00d5ES ENCERRADAS 6km INCRO\u00c7\u00d5ES ENCERRADAS 3km INCRO\u00c7\u00d5ES ENCERRADAS Leia o Regulamento<\/p>\n","protected":false},"author":1,"featured_media":0,"parent":0,"menu_order":0,"comment_status":"closed","ping_status":"closed","template":"elementor_canvas","meta":{"footnotes":""},"folder":[],"class_list":["post-2059","page","type-page","status-publish","hentry"],"_links":{"self":[{"href":"https:\/\/org.institutoathos.esp.br\/maratona\/wp-json\/wp\/v2\/pages\/2059","targetHints":{"allow":["GET"]}}],"collection":[{"href":"https:\/\/org.institutoathos.esp.br\/maratona\/wp-json\/wp\/v2\/pages"}],"about":[{"href":"https:\/\/org.institutoathos.esp.br\/maratona\/wp-json\/wp\/v2\/types\/page"}],"author":[{"embeddable":true,"href":"https:\/\/org.institutoathos.esp.br\/maratona\/wp-json\/wp\/v2\/users\/1"}],"replies":[{"embeddable":true,"href":"https:\/\/org.institutoathos.esp.br\/maratona\/wp-json\/wp\/v2\/comments?post=2059"}],"version-history":[{"count":79,"href":"https:\/\/org.institutoathos.esp.br\/maratona\/wp-json\/wp\/v2\/pages\/2059\/revisions"}],"predecessor-version":[{"id":3059,"href":"https:\/\/org.institutoathos.esp.br\/maratona\/wp-json\/wp\/v2\/pages\/2059\/revisions\/3059"}],"wp:attachment":[{"href":"https:\/\/org.institutoathos.esp.br\/maratona\/wp-json\/wp\/v2\/media?parent=2059"}],"wp:term":[{"taxonomy":"folder","embeddable":true,"href":"https:\/\/org.institutoathos.esp.br\/maratona\/wp-json\/wp\/v2\/folder?post=2059"}],"curies":[{"name":"wp","href":"https:\/\/api.w.org\/{rel}","templated":true}]}}